{"id":740,"date":"2018-06-13T14:33:45","date_gmt":"2018-06-13T12:33:45","guid":{"rendered":"http:\/\/mieczyslaw.nieduszynski.pl\/?page_id=740"},"modified":"2020-08-11T01:40:45","modified_gmt":"2020-08-10T23:40:45","slug":"komitet-katynski","status":"publish","type":"page","link":"https:\/\/mieczyslaw.nieduszynski.pl\/?page_id=740","title":{"rendered":"Komitet Katy\u0144ski"},"content":{"rendered":"\r\n<p><a href=\"http:\/\/mieczyslaw.nieduszynski.pl\/wp-content\/uploads\/2018\/07\/Komitet-Katy\u0144ski-2010-Instytut-Pami\u0119ci-Narodowej.jpg\"><img fetchpriority=\"high\" decoding=\"async\" class=\"alignnone size-medium wp-image-1101\" src=\"http:\/\/mieczyslaw.nieduszynski.pl\/wp-content\/uploads\/2018\/07\/Komitet-Katy\u0144ski-2010-Instytut-Pami\u0119ci-Narodowej-271x300.jpg\" alt=\"\" width=\"271\" height=\"300\" srcset=\"https:\/\/mieczyslaw.nieduszynski.pl\/wp-content\/uploads\/2018\/07\/Komitet-Katy\u0144ski-2010-Instytut-Pami\u0119ci-Narodowej-271x300.jpg 271w, https:\/\/mieczyslaw.nieduszynski.pl\/wp-content\/uploads\/2018\/07\/Komitet-Katy\u0144ski-2010-Instytut-Pami\u0119ci-Narodowej-768x850.jpg 768w, https:\/\/mieczyslaw.nieduszynski.pl\/wp-content\/uploads\/2018\/07\/Komitet-Katy\u0144ski-2010-Instytut-Pami\u0119ci-Narodowej-926x1024.jpg 926w, https:\/\/mieczyslaw.nieduszynski.pl\/wp-content\/uploads\/2018\/07\/Komitet-Katy\u0144ski-2010-Instytut-Pami\u0119ci-Narodowej.jpg 1654w\" sizes=\"(max-width: 271px) 100vw, 271px\" \/><\/a><\/p>\r\n<p><a href=\"wp-content\/uploads\/2018\/06\/Z-Melakiem-2-m.jpg\"><img decoding=\"async\" src=\"wp-content\/uploads\/2018\/06\/Z-Melakiem-2-m-300x194.jpg\" alt=\"\" width=\"300\" height=\"194\" \/><\/a><a href=\"wp-content\/uploads\/2018\/06\/Z-Melakiem-1.jpg\"><img decoding=\"async\" src=\"wp-content\/uploads\/2018\/06\/Z-Melakiem-1-300x195.jpg\" alt=\"\" width=\"300\" height=\"195\" \/><\/a><a href=\"http:\/\/mieczyslaw.nieduszynski.pl\/wp-content\/uploads\/2018\/06\/Z-Melakiem-2-m.jpg\"><img loading=\"lazy\" decoding=\"async\" class=\"alignnone wp-image-579\" src=\"http:\/\/mieczyslaw.nieduszynski.pl\/wp-content\/uploads\/2018\/06\/Z-Melakiem-2-m-300x194.jpg\" alt=\"\" width=\"280\" height=\"181\" srcset=\"https:\/\/mieczyslaw.nieduszynski.pl\/wp-content\/uploads\/2018\/06\/Z-Melakiem-2-m-300x194.jpg 300w, https:\/\/mieczyslaw.nieduszynski.pl\/wp-content\/uploads\/2018\/06\/Z-Melakiem-2-m-768x497.jpg 768w, https:\/\/mieczyslaw.nieduszynski.pl\/wp-content\/uploads\/2018\/06\/Z-Melakiem-2-m-1024x663.jpg 1024w\" sizes=\"(max-width: 280px) 100vw, 280px\" \/><\/a><a href=\"http:\/\/mieczyslaw.nieduszynski.pl\/wp-content\/uploads\/2018\/06\/Z-Melakiem-1.jpg\"><img loading=\"lazy\" decoding=\"async\" class=\"wp-image-578 alignnone\" src=\"http:\/\/mieczyslaw.nieduszynski.pl\/wp-content\/uploads\/2018\/06\/Z-Melakiem-1-300x195.jpg\" alt=\"\" width=\"277\" height=\"180\" srcset=\"https:\/\/mieczyslaw.nieduszynski.pl\/wp-content\/uploads\/2018\/06\/Z-Melakiem-1-300x195.jpg 300w, https:\/\/mieczyslaw.nieduszynski.pl\/wp-content\/uploads\/2018\/06\/Z-Melakiem-1-768x499.jpg 768w, https:\/\/mieczyslaw.nieduszynski.pl\/wp-content\/uploads\/2018\/06\/Z-Melakiem-1-1024x665.jpg 1024w\" sizes=\"(max-width: 277px) 100vw, 277px\" \/><\/a><\/p>\r\n<p><strong>Profesor bra\u0142 czynny udzia\u0142 w pracach koncepcyjnych i akcjach realizowanych przez Komitet Katy\u0144ski ze Stefanem Melakiem.<\/strong><\/p>\r\n<p>&nbsp;<\/p>\r\n<p><a href=\"http:\/\/mieczyslaw.nieduszynski.pl\/wp-content\/uploads\/2018\/06\/Masza-za-Ojczyzne.jpg\"><img loading=\"lazy\" decoding=\"async\" class=\"alignnone size-medium wp-image-576\" src=\"http:\/\/mieczyslaw.nieduszynski.pl\/wp-content\/uploads\/2018\/06\/Masza-za-Ojczyzne-193x300.jpg\" alt=\"\" width=\"193\" height=\"300\" srcset=\"https:\/\/mieczyslaw.nieduszynski.pl\/wp-content\/uploads\/2018\/06\/Masza-za-Ojczyzne-193x300.jpg 193w, https:\/\/mieczyslaw.nieduszynski.pl\/wp-content\/uploads\/2018\/06\/Masza-za-Ojczyzne-768x1195.jpg 768w, https:\/\/mieczyslaw.nieduszynski.pl\/wp-content\/uploads\/2018\/06\/Masza-za-Ojczyzne-658x1024.jpg 658w\" sizes=\"(max-width: 193px) 100vw, 193px\" \/><\/a><\/p>\r\n<p><strong>Przed marszami do Grobu Nieznanego \u017bo\u0142nierza odbywa\u0142y si\u0119 msze za Ojczyzn\u0119 celebrowane przez ks. pra\u0142ata Wac\u0142awa Kar\u0142owicza<\/strong><\/p>\r\n<p>&nbsp;<\/p>\r\n","protected":false},"excerpt":{"rendered":"","protected":false},"author":2,"featured_media":0,"parent":0,"menu_order":0,"comment_status":"closed","ping_status":"closed","template":"","meta":{"_crdt_document":"","footnotes":""},"class_list":["post-740","page","type-page","status-publish","hentry"],"_links":{"self":[{"href":"https:\/\/mieczyslaw.nieduszynski.pl\/index.php?rest_route=\/wp\/v2\/pages\/740","targetHints":{"allow":["GET"]}}],"collection":[{"href":"https:\/\/mieczyslaw.nieduszynski.pl\/index.php?rest_route=\/wp\/v2\/pages"}],"about":[{"href":"https:\/\/mieczyslaw.nieduszynski.pl\/index.php?rest_route=\/wp\/v2\/types\/page"}],"author":[{"embeddable":true,"href":"https:\/\/mieczyslaw.nieduszynski.pl\/index.php?rest_route=\/wp\/v2\/users\/2"}],"replies":[{"embeddable":true,"href":"https:\/\/mieczyslaw.nieduszynski.pl\/index.php?rest_route=%2Fwp%2Fv2%2Fcomments&post=740"}],"version-history":[{"count":12,"href":"https:\/\/mieczyslaw.nieduszynski.pl\/index.php?rest_route=\/wp\/v2\/pages\/740\/revisions"}],"predecessor-version":[{"id":1295,"href":"https:\/\/mieczyslaw.nieduszynski.pl\/index.php?rest_route=\/wp\/v2\/pages\/740\/revisions\/1295"}],"wp:attachment":[{"href":"https:\/\/mieczyslaw.nieduszynski.pl\/index.php?rest_route=%2Fwp%2Fv2%2Fmedia&parent=740"}],"curies":[{"name":"wp","href":"https:\/\/api.w.org\/{rel}","templated":true}]}}