{"id":738,"date":"2018-06-13T14:33:09","date_gmt":"2018-06-13T12:33:09","guid":{"rendered":"http:\/\/mieczyslaw.nieduszynski.pl\/?page_id=738"},"modified":"2020-08-13T09:05:46","modified_gmt":"2020-08-13T07:05:46","slug":"kluby-sluzby-niepodleglosci","status":"publish","type":"page","link":"https:\/\/mieczyslaw.nieduszynski.pl\/?page_id=738","title":{"rendered":"Kluby S\u0142u\u017cby Niepodleg\u0142o\u015bci"},"content":{"rendered":"<p><a href=\"wp-content\/uploads\/2018\/06\/karta-niepodl-88-001.jpg\"><img fetchpriority=\"high\" decoding=\"async\" src=\"wp-content\/uploads\/2018\/06\/karta-niepodl-88-001-212x300.jpg\" alt=\"\" width=\"212\" height=\"300\" \/><\/a><\/p>\n<p><strong>Powo\u0142anie Konstytucyjnego O\u015brodka Samostanowienia Narodu w 1988 r.<\/strong><\/p>\n<p><a href=\"wp-content\/uploads\/2018\/06\/Kluby-S\u0142u\u017cby-Niepodleg\u0142o\u015bci-1.jpg\"><img decoding=\"async\" src=\"wp-content\/uploads\/2018\/06\/Kluby-S\u0142u\u017cby-Niepodleg\u0142o\u015bci-1-300x236.jpg\" alt=\"\" width=\"300\" height=\"236\" \/><\/a><\/p>\n<p>Profesor znalaz\u0142 si\u0119 w gronie inicjator\u00f3w Klub\u00f3w S\u0142u\u017cby Niepodleg\u0142o\u015bci. Za najwa\u017cniejsze cele KSN uznano prace nad programami gwarantuj\u0105cymi suwerenny byt pa\u0144stwa i narodu polskiego, dzia\u0142anie na rzecz wolnych wybor\u00f3w i niezawis\u0142o\u015bci gospodarczej kraju oraz upowszechnianie, zw\u0142aszcza w\u015br\u00f3d m\u0142odego pokolenia, niezafa\u0142szowanej wiedzy historycznej i utrwalanie pami\u0119ci narodowej. \u00a0Mieczys\u0142aw Nieduszy\u0144ski bierze udzia\u0142 w manifestacjach patriotycznych 11 listopada, uczestniczy r\u00f3wnie\u017c w sesji naukowej \u201eKu Niepodleg\u0142o\u015bci\u201d. Dalszy rozw\u00f3j Klub\u00f3w S\u0142u\u017cby Niepodleg\u0142o\u015bci przerwa\u0142o wprowadzenie stanu wojennego.<\/p>\n<p><a href=\"http:\/\/mieczyslaw.nieduszynski.pl\/wp-content\/uploads\/2018\/06\/Panel-Ziembi\u0144ski001.jpg\"><img decoding=\"async\" class=\"alignnone size-medium wp-image-814\" src=\"http:\/\/mieczyslaw.nieduszynski.pl\/wp-content\/uploads\/2018\/06\/Panel-Ziembi\u0144ski001-209x300.jpg\" alt=\"\" width=\"209\" height=\"300\" srcset=\"https:\/\/mieczyslaw.nieduszynski.pl\/wp-content\/uploads\/2018\/06\/Panel-Ziembi\u0144ski001-209x300.jpg 209w, https:\/\/mieczyslaw.nieduszynski.pl\/wp-content\/uploads\/2018\/06\/Panel-Ziembi\u0144ski001-768x1101.jpg 768w, https:\/\/mieczyslaw.nieduszynski.pl\/wp-content\/uploads\/2018\/06\/Panel-Ziembi\u0144ski001-714x1024.jpg 714w\" sizes=\"(max-width: 209px) 100vw, 209px\" \/><\/a> <a href=\"http:\/\/mieczyslaw.nieduszynski.pl\/wp-content\/uploads\/2018\/06\/Panel-Ziembi\u0144ski002.jpg\"><img loading=\"lazy\" decoding=\"async\" class=\"alignnone size-medium wp-image-815\" src=\"http:\/\/mieczyslaw.nieduszynski.pl\/wp-content\/uploads\/2018\/06\/Panel-Ziembi\u0144ski002-209x300.jpg\" alt=\"\" width=\"209\" height=\"300\" srcset=\"https:\/\/mieczyslaw.nieduszynski.pl\/wp-content\/uploads\/2018\/06\/Panel-Ziembi\u0144ski002-209x300.jpg 209w, https:\/\/mieczyslaw.nieduszynski.pl\/wp-content\/uploads\/2018\/06\/Panel-Ziembi\u0144ski002-768x1101.jpg 768w, https:\/\/mieczyslaw.nieduszynski.pl\/wp-content\/uploads\/2018\/06\/Panel-Ziembi\u0144ski002-714x1024.jpg 714w\" sizes=\"(max-width: 209px) 100vw, 209px\" \/><\/a><\/p>\n<p><strong>Spotkanie Panelowo &#8211; Dyskusyjne w Filharmonii Narodowe<\/strong><strong>j w 1990 r<\/strong><em><strong>.<\/strong><\/em><\/p>\n<hr \/>\n<p><a href=\"http:\/\/mieczyslaw.nieduszynski.pl\/wp-content\/uploads\/2020\/08\/Sympozjum-70-rocznic\u0119-odzyskania-niepodleg\u0142o\u015bci.jpg\"><img loading=\"lazy\" decoding=\"async\" class=\"alignnone wp-image-1330 size-medium\" src=\"http:\/\/mieczyslaw.nieduszynski.pl\/wp-content\/uploads\/2020\/08\/Sympozjum-70-rocznic\u0119-odzyskania-niepodleg\u0142o\u015bci-214x300.jpg\" alt=\"\" width=\"214\" height=\"300\" srcset=\"https:\/\/mieczyslaw.nieduszynski.pl\/wp-content\/uploads\/2020\/08\/Sympozjum-70-rocznic\u0119-odzyskania-niepodleg\u0142o\u015bci-214x300.jpg 214w, https:\/\/mieczyslaw.nieduszynski.pl\/wp-content\/uploads\/2020\/08\/Sympozjum-70-rocznic\u0119-odzyskania-niepodleg\u0142o\u015bci-730x1024.jpg 730w, https:\/\/mieczyslaw.nieduszynski.pl\/wp-content\/uploads\/2020\/08\/Sympozjum-70-rocznic\u0119-odzyskania-niepodleg\u0142o\u015bci-768x1078.jpg 768w, https:\/\/mieczyslaw.nieduszynski.pl\/wp-content\/uploads\/2020\/08\/Sympozjum-70-rocznic\u0119-odzyskania-niepodleg\u0142o\u015bci-1095x1536.jpg 1095w, https:\/\/mieczyslaw.nieduszynski.pl\/wp-content\/uploads\/2020\/08\/Sympozjum-70-rocznic\u0119-odzyskania-niepodleg\u0142o\u015bci.jpg 1178w\" sizes=\"(max-width: 214px) 100vw, 214px\" \/><\/a><\/p>\n<p><strong><a href=\"http:\/\/mieczyslaw.nieduszynski.pl\/wp-content\/uploads\/2020\/08\/Sympozjum-70.-rocznica.pdf\">Sympozjum 70 &#8211; rocznic\u0119 odzyskania Niepodleg\u0142o\u015bci &#8211; pdf<\/a><\/strong><\/p>\n","protected":false},"excerpt":{"rendered":"<p>Powo\u0142anie Konstytucyjnego O\u015brodka Samostanowienia Narodu w 1988 r. Profesor znalaz\u0142 si\u0119 w gronie inicjator\u00f3w Klub\u00f3w S\u0142u\u017cby Niepodleg\u0142o\u015bci. Za najwa\u017cniejsze cele KSN uznano prace nad programami gwarantuj\u0105cymi suwerenny byt pa\u0144stwa i narodu polskiego, dzia\u0142anie na rzecz wolnych wybor\u00f3w i niezawis\u0142o\u015bci gospodarczej kraju oraz upowszechnianie, zw\u0142aszcza w\u015br\u00f3d m\u0142odego pokolenia, niezafa\u0142szowanej wiedzy historycznej i utrwalanie pami\u0119ci narodowej. \u00a0Mieczys\u0142aw &hellip; <\/p>\n<p class=\"link-more\"><a href=\"https:\/\/mieczyslaw.nieduszynski.pl\/?page_id=738\" class=\"more-link\">Czytaj dalej<span class=\"screen-reader-text\"> \u201eKluby S\u0142u\u017cby Niepodleg\u0142o\u015bci\u201d<\/span><\/a><\/p>\n","protected":false},"author":2,"featured_media":0,"parent":0,"menu_order":0,"comment_status":"closed","ping_status":"closed","template":"","meta":{"_crdt_document":"","footnotes":""},"class_list":["post-738","page","type-page","status-publish","hentry"],"_links":{"self":[{"href":"https:\/\/mieczyslaw.nieduszynski.pl\/index.php?rest_route=\/wp\/v2\/pages\/738","targetHints":{"allow":["GET"]}}],"collection":[{"href":"https:\/\/mieczyslaw.nieduszynski.pl\/index.php?rest_route=\/wp\/v2\/pages"}],"about":[{"href":"https:\/\/mieczyslaw.nieduszynski.pl\/index.php?rest_route=\/wp\/v2\/types\/page"}],"author":[{"embeddable":true,"href":"https:\/\/mieczyslaw.nieduszynski.pl\/index.php?rest_route=\/wp\/v2\/users\/2"}],"replies":[{"embeddable":true,"href":"https:\/\/mieczyslaw.nieduszynski.pl\/index.php?rest_route=%2Fwp%2Fv2%2Fcomments&post=738"}],"version-history":[{"count":18,"href":"https:\/\/mieczyslaw.nieduszynski.pl\/index.php?rest_route=\/wp\/v2\/pages\/738\/revisions"}],"predecessor-version":[{"id":1332,"href":"https:\/\/mieczyslaw.nieduszynski.pl\/index.php?rest_route=\/wp\/v2\/pages\/738\/revisions\/1332"}],"wp:attachment":[{"href":"https:\/\/mieczyslaw.nieduszynski.pl\/index.php?rest_route=%2Fwp%2Fv2%2Fmedia&parent=738"}],"curies":[{"name":"wp","href":"https:\/\/api.w.org\/{rel}","templated":true}]}}