{"id":752,"date":"2018-06-13T14:38:49","date_gmt":"2018-06-13T12:38:49","guid":{"rendered":"http:\/\/mieczyslaw.nieduszynski.pl\/?page_id=752"},"modified":"2020-09-15T19:05:05","modified_gmt":"2020-09-15T17:05:05","slug":"archikonfraternia-literacka","status":"publish","type":"page","link":"http:\/\/mieczyslaw.nieduszynski.pl\/?page_id=752","title":{"rendered":"Archikonfraternia Literacka p.w. Niepokalanego Pocz\u0119cia Naj\u015bwi\u0119tszej Marii Panny Przy Archikatedrze \u015aw. Jana w Warszawie"},"content":{"rendered":"\t\t<div data-elementor-type=\"wp-page\" data-elementor-id=\"752\" class=\"elementor elementor-752\">\n\t\t\t\t\t\t<section class=\"elementor-section elementor-top-section elementor-element elementor-element-334aeb43 elementor-section-boxed elementor-section-height-default elementor-section-height-default\" data-id=\"334aeb43\" data-element_type=\"section\">\n\t\t\t\t\t\t<div class=\"elementor-container elementor-column-gap-default\">\n\t\t\t\t\t<div class=\"elementor-column elementor-col-100 elementor-top-column elementor-element elementor-element-60d40b87\" data-id=\"60d40b87\" data-element_type=\"column\">\n\t\t\t<div class=\"elementor-widget-wrap elementor-element-populated\">\n\t\t\t\t\t\t<div class=\"elementor-element elementor-element-637819e5 elementor-widget elementor-widget-text-editor\" data-id=\"637819e5\" data-element_type=\"widget\" data-widget_type=\"text-editor.default\">\n\t\t\t\t<div class=\"elementor-widget-container\">\n\t\t\t\t\t\t\t\t\t\n<p><span style=\"color: #333333;\">Podstawowym dzia\u0142aniem Archikonfraterni Literackiej jako organizacji religijnej jest rozw\u00f3j religijny i duchowy cz\u0142onk\u00f3w poprzez uczestnictwo w \u017cyciu ko\u015bcio\u0142a.<\/span><\/p>\n<p><span style=\"color: #333333;\">Drugim obszarem by\u0142a dzia\u0142alno\u015b\u0107 dydaktyczna i wydawnicza, kt\u00f3ra mia\u0142a powodowa\u0107 wzrost i pog\u0142\u0119bienie wiedzy spo\u0142ecze\u0144stwa polskiego m. in. w zakresie historii, geopolityki, gospodarki, nauki, kultury.<\/span><\/p>\n<p><span style=\"color: #333333;\">Trzecim zagadnieniem, by\u0142a dzia\u0142alno\u015b\u0107 charytatywna skupiaj\u0105ca si\u0119 na wszechstronnej pomocy ludziom represjonowanym przez PRL.<\/span><\/p>\n<h2><span style=\"color: #333333;\"><strong>Podstawowy obszar dzia\u0142ania Archikonfraterni Literackiej<\/strong><\/span><\/h2>\n<p><a href=\"http:\/\/mieczyslaw.nieduszynski.pl\/wp-content\/uploads\/2018\/06\/AKL-kolor-1.jpg\"><img decoding=\"async\" class=\"wp-image-511 size-thumbnail aligncenter\" src=\"http:\/\/mieczyslaw.nieduszynski.pl\/wp-content\/uploads\/2018\/06\/AKL-kolor-1-150x150.jpg\" alt=\"\" width=\"150\" height=\"150\" srcset=\"http:\/\/mieczyslaw.nieduszynski.pl\/wp-content\/uploads\/2018\/06\/AKL-kolor-1-150x150.jpg 150w, http:\/\/mieczyslaw.nieduszynski.pl\/wp-content\/uploads\/2018\/06\/AKL-kolor-1-100x100.jpg 100w\" sizes=\"(max-width: 150px) 100vw, 150px\" \/><\/a><\/p>\n<p><span style=\"color: #333333;\"><strong>Emblemat Archikonfraternia Literacka<\/strong><\/span><\/p>\n<p><span style=\"color: #333333;\">Profesor jako Senior (Przewodnicz\u0105cy) Archikonfraterni Literackiej uczestniczy\u0142 we wszystkich uroczysto\u015bciach ko\u015bcielnych i narodowych wraz z cz\u0142onkami organizacji.<\/span><\/p>\n<hr \/>\n<p><span style=\"color: #333333;\"><strong>Dokumenty przyj\u0119cia w poczet cz\u0142onk\u00f3w i powo\u0142ania na Przewodnicz\u0105cego<\/strong><\/span><\/p>\n<p><span style=\"text-decoration: underline;\"><span style=\"color: #333333; text-decoration: underline;\"><a style=\"color: #333333; text-decoration: underline;\" href=\"wp-content\/uploads\/2018\/06\/AKL-przyj\u0119cie-08-XII-1954.pdf\">AKL przyj\u0119cie na cz\u0142onka 08 XII 1954 r. &#8211; pdf<\/a><\/span><\/span><\/p>\n<p><span style=\"text-decoration: underline;\"><span style=\"color: #333333; text-decoration: underline;\"><a style=\"color: #333333; text-decoration: underline;\" href=\"wp-content\/uploads\/2018\/06\/AKL-Senior-08-XII-1980.pdf\">AKL wyb\u00f3r na Seniora 08 XII 1980 r. &#8211; pdf<\/a><\/span><\/span><\/p>\n<hr \/>\n<p><a href=\"http:\/\/mieczyslaw.nieduszynski.pl\/wp-content\/uploads\/2018\/06\/Historia068.jpg\"><img fetchpriority=\"high\" decoding=\"async\" class=\"wp-image-686 size-medium aligncenter\" src=\"http:\/\/mieczyslaw.nieduszynski.pl\/wp-content\/uploads\/2018\/06\/Historia068-212x300.jpg\" alt=\"\" width=\"212\" height=\"300\" srcset=\"http:\/\/mieczyslaw.nieduszynski.pl\/wp-content\/uploads\/2018\/06\/Historia068-212x300.jpg 212w, http:\/\/mieczyslaw.nieduszynski.pl\/wp-content\/uploads\/2018\/06\/Historia068-768x1089.jpg 768w, http:\/\/mieczyslaw.nieduszynski.pl\/wp-content\/uploads\/2018\/06\/Historia068-722x1024.jpg 722w, http:\/\/mieczyslaw.nieduszynski.pl\/wp-content\/uploads\/2018\/06\/Historia068.jpg 1615w\" sizes=\"(max-width: 212px) 100vw, 212px\" \/><\/a> <a href=\"http:\/\/mieczyslaw.nieduszynski.pl\/wp-content\/uploads\/2018\/06\/Historia000.jpg\"><img decoding=\"async\" class=\"size-medium wp-image-687 aligncenter\" src=\"http:\/\/mieczyslaw.nieduszynski.pl\/wp-content\/uploads\/2018\/06\/Historia000-186x300.jpg\" alt=\"\" width=\"186\" height=\"300\" srcset=\"http:\/\/mieczyslaw.nieduszynski.pl\/wp-content\/uploads\/2018\/06\/Historia000-186x300.jpg 186w, http:\/\/mieczyslaw.nieduszynski.pl\/wp-content\/uploads\/2018\/06\/Historia000-768x1239.jpg 768w, http:\/\/mieczyslaw.nieduszynski.pl\/wp-content\/uploads\/2018\/06\/Historia000-635x1024.jpg 635w, http:\/\/mieczyslaw.nieduszynski.pl\/wp-content\/uploads\/2018\/06\/Historia000.jpg 1419w\" sizes=\"(max-width: 186px) 100vw, 186px\" \/><\/a><\/p>\n<p><span style=\"color: #333333;\"><strong>Historia Archikonfraterni Literackiej i dzia\u0142alno\u015b\u0107 jej cz\u0142onk\u00f3w (1507-1980).\u00a0Warszawa 1980. &#8211;\u00a0 opracowana przez Mieczys\u0142awa Nieduszy\u0144skiego<\/strong><\/span><\/p>\n<p><span style=\"text-decoration: underline; color: #333333;\"><a style=\"color: #333333; text-decoration: underline;\" href=\"wp-content\/uploads\/2018\/06\/Historia-AKL.compressed.pdf\">Historia AKL 1980 r. &#8211; pdf<\/a><\/span><\/p>\n<hr \/>\n<p><span style=\"color: #333333;\"><strong>List otwarty do Wojciech Jaruzelskiego Przewodnicz\u0105cego Rady Pa\u0144stwa\u00a0Polskiej Rzeczpospolitej Ludowe<\/strong><strong>j<\/strong><\/span><\/p>\n<p><span style=\"text-decoration: underline; color: #333333;\"><a style=\"color: #333333; text-decoration: underline;\" href=\"http:\/\/mieczyslaw.nieduszynski.pl\/wp-content\/uploads\/2018\/06\/List-do-Jaruzelskiego-1988.pdf\">List do Jaruzelskiego 1988<\/a> r. &#8211; pdf<\/span><\/p>\n<p>\u00a0<\/p>\n<h2><span style=\"color: #333333;\"><strong>Uczestnictwo w uroczysto\u015bciach religijnych i patriotycznych<\/strong><\/span><\/h2>\n<p>\u00a0<\/p>\n<p>\u00a0 <a href=\"http:\/\/mieczyslaw.nieduszynski.pl\/wp-content\/uploads\/2018\/06\/Bo\u017ce-Cia\u0142o.jpg\"><img loading=\"lazy\" decoding=\"async\" class=\"aligncenter wp-image-766 size-large\" src=\"http:\/\/mieczyslaw.nieduszynski.pl\/wp-content\/uploads\/2018\/06\/Bo\u017ce-Cia\u0142o-1024x723.jpg\" alt=\"\" width=\"525\" height=\"371\" srcset=\"http:\/\/mieczyslaw.nieduszynski.pl\/wp-content\/uploads\/2018\/06\/Bo\u017ce-Cia\u0142o-1024x723.jpg 1024w, http:\/\/mieczyslaw.nieduszynski.pl\/wp-content\/uploads\/2018\/06\/Bo\u017ce-Cia\u0142o-300x212.jpg 300w, http:\/\/mieczyslaw.nieduszynski.pl\/wp-content\/uploads\/2018\/06\/Bo\u017ce-Cia\u0142o-768x542.jpg 768w, http:\/\/mieczyslaw.nieduszynski.pl\/wp-content\/uploads\/2018\/06\/Bo\u017ce-Cia\u0142o.jpg 1156w\" sizes=\"(max-width: 525px) 100vw, 525px\" \/><\/a><\/p>\n<p><span style=\"color: #333333;\"><strong>Procesja Bo\u017cego Cia\u0142a w Warszawie<\/strong><\/span><\/p>\n<p><a href=\"http:\/\/mieczyslaw.nieduszynski.pl\/wp-content\/uploads\/2018\/06\/Masza-za-Ojczyzne.jpg\"><img loading=\"lazy\" decoding=\"async\" class=\"aligncenter wp-image-576 size-large\" src=\"http:\/\/mieczyslaw.nieduszynski.pl\/wp-content\/uploads\/2018\/06\/Masza-za-Ojczyzne-658x1024.jpg\" alt=\"\" width=\"525\" height=\"817\" srcset=\"http:\/\/mieczyslaw.nieduszynski.pl\/wp-content\/uploads\/2018\/06\/Masza-za-Ojczyzne-658x1024.jpg 658w, http:\/\/mieczyslaw.nieduszynski.pl\/wp-content\/uploads\/2018\/06\/Masza-za-Ojczyzne-193x300.jpg 193w, http:\/\/mieczyslaw.nieduszynski.pl\/wp-content\/uploads\/2018\/06\/Masza-za-Ojczyzne-768x1195.jpg 768w\" sizes=\"(max-width: 525px) 100vw, 525px\" \/><\/a><\/p>\n<p><span style=\"color: #333333;\"><strong>Msza za Ojczyzn\u0119 celebrans ks. pra\u0142at Wac\u0142aw Kar\u0142owicz<\/strong><\/span><\/p>\n<p><a href=\"http:\/\/mieczyslaw.nieduszynski.pl\/wp-content\/uploads\/2018\/06\/Audjncja-u-Prymasa.jpg\"><img loading=\"lazy\" decoding=\"async\" class=\"aligncenter wp-image-1016 size-large\" src=\"http:\/\/mieczyslaw.nieduszynski.pl\/wp-content\/uploads\/2018\/06\/Audjncja-u-Prymasa-1024x649.jpg\" alt=\"\" width=\"525\" height=\"333\" srcset=\"http:\/\/mieczyslaw.nieduszynski.pl\/wp-content\/uploads\/2018\/06\/Audjncja-u-Prymasa-1024x649.jpg 1024w, http:\/\/mieczyslaw.nieduszynski.pl\/wp-content\/uploads\/2018\/06\/Audjncja-u-Prymasa-300x190.jpg 300w, http:\/\/mieczyslaw.nieduszynski.pl\/wp-content\/uploads\/2018\/06\/Audjncja-u-Prymasa-768x487.jpg 768w\" sizes=\"(max-width: 525px) 100vw, 525px\" \/><\/a><\/p>\n<p><span style=\"color: #333333;\"><strong>Audiencja u Prymasa J\u00f3zefa Glempa<\/strong><\/span><\/p>\n<p><a href=\"http:\/\/mieczyslaw.nieduszynski.pl\/wp-content\/uploads\/2018\/06\/AKL-Bp-1985.jpg\"><img loading=\"lazy\" decoding=\"async\" class=\"aligncenter wp-image-575 size-large\" src=\"http:\/\/mieczyslaw.nieduszynski.pl\/wp-content\/uploads\/2018\/06\/AKL-Bp-1985-694x1024.jpg\" alt=\"\" width=\"525\" height=\"775\" srcset=\"http:\/\/mieczyslaw.nieduszynski.pl\/wp-content\/uploads\/2018\/06\/AKL-Bp-1985-694x1024.jpg 694w, http:\/\/mieczyslaw.nieduszynski.pl\/wp-content\/uploads\/2018\/06\/AKL-Bp-1985-203x300.jpg 203w, http:\/\/mieczyslaw.nieduszynski.pl\/wp-content\/uploads\/2018\/06\/AKL-Bp-1985-768x1133.jpg 768w, http:\/\/mieczyslaw.nieduszynski.pl\/wp-content\/uploads\/2018\/06\/AKL-Bp-1985.jpg 1994w\" sizes=\"(max-width: 525px) 100vw, 525px\" \/><\/a><\/p>\n<p><span style=\"color: #333333;\"><strong>Senior Mieczys\u0142aw przyjmuje nowych cz\u0142onk\u00f3w do Archikonfraterni Literackiej<\/strong><\/span><\/p>\n<p><a href=\"http:\/\/mieczyslaw.nieduszynski.pl\/wp-content\/uploads\/2020\/09\/bp.Jerzy-Modzelewski-prof.-M.Nieduszynski.jpg\"><img loading=\"lazy\" decoding=\"async\" class=\"alignnone wp-image-1352 size-full\" src=\"http:\/\/mieczyslaw.nieduszynski.pl\/wp-content\/uploads\/2020\/09\/bp.Jerzy-Modzelewski-prof.-M.Nieduszynski.jpg\" alt=\"\" width=\"865\" height=\"599\" srcset=\"http:\/\/mieczyslaw.nieduszynski.pl\/wp-content\/uploads\/2020\/09\/bp.Jerzy-Modzelewski-prof.-M.Nieduszynski.jpg 865w, http:\/\/mieczyslaw.nieduszynski.pl\/wp-content\/uploads\/2020\/09\/bp.Jerzy-Modzelewski-prof.-M.Nieduszynski-300x208.jpg 300w, http:\/\/mieczyslaw.nieduszynski.pl\/wp-content\/uploads\/2020\/09\/bp.Jerzy-Modzelewski-prof.-M.Nieduszynski-768x532.jpg 768w\" sizes=\"(max-width: 706px) 89vw, (max-width: 767px) 82vw, 740px\" \/><\/a><\/p>\n<p><a href=\"http:\/\/mieczyslaw.nieduszynski.pl\/wp-content\/uploads\/2018\/06\/AKL-Bp-Kraszewski-1984002.jpg\"><img loading=\"lazy\" decoding=\"async\" class=\"aligncenter wp-image-643 size-large\" src=\"http:\/\/mieczyslaw.nieduszynski.pl\/wp-content\/uploads\/2018\/06\/AKL-Bp-Kraszewski-1984002-1024x679.jpg\" alt=\"\" width=\"525\" height=\"348\" srcset=\"http:\/\/mieczyslaw.nieduszynski.pl\/wp-content\/uploads\/2018\/06\/AKL-Bp-Kraszewski-1984002-1024x679.jpg 1024w, http:\/\/mieczyslaw.nieduszynski.pl\/wp-content\/uploads\/2018\/06\/AKL-Bp-Kraszewski-1984002-300x199.jpg 300w, http:\/\/mieczyslaw.nieduszynski.pl\/wp-content\/uploads\/2018\/06\/AKL-Bp-Kraszewski-1984002-768x510.jpg 768w\" sizes=\"(max-width: 525px) 100vw, 525px\" \/><\/a><\/p>\n<p><span style=\"color: #333333;\"><strong>Msza w Archikatedrze \u015aw. Jana w kaplicy Archikonfraterni Literackiej<\/strong><\/span><\/p>\n<hr \/>\n<h2><span style=\"color: #333333;\"><strong>Drugi obszar dzia\u0142ania Archikonfraterni Literackiej<\/strong><\/span><\/h2>\n<p><span style=\"color: #333333;\"><strong>Seminaria i wyk\u0142ady zorganizowane przez Archikonfraternie Literack\u0105 w ramach Wolnego\u00a0 Uniwersytetu<\/strong><\/span><\/p>\n<p><span style=\"color: #333333;\">Prof. Mieczys\u0142aw Nieduszy\u0144ski jako senior (<em>przewodnicz\u0105cy<\/em>) Archikonfraterni Literackiej by\u0142 inicjatorem i organizatorem seminari\u00f3w popularnonaukowych, kt\u00f3rych zadaniem by\u0142o pog\u0142\u0119bienie i poszerzenie wiedzy oraz przygotowanie ich uczestnik\u00f3w do samodzielnej dzia\u0142alno\u015bci publicznej spo\u0142ecznej i politycznej. Opracowa\u0142 on program i zaproponowa\u0142 wyk\u0142adowc\u00f3w tych seminari\u00f3w. Od listopada 1980 roku do ko\u0144ca marca 1985 roku zorganizowa\u0142 i przeprowadzi\u0142 ponad <strong>100 wyk\u0142ad\u00f3w<\/strong> seminaryjnych pod wsp\u00f3ln\u0105 nazw\u0105 \u201e<em>Studium Spo\u0142ecznej Nauki Ko\u015bcio\u0142a\u201d<\/em>, kt\u00f3re ogniskowa\u0142y si\u0119 na pi\u0119ciu obszarach tematycznych: <em>historii, polityki, socjologii, ekonomii i kultury<\/em>.<\/span><\/p>\n<p><span style=\"color: #333333;\">Wyk\u0142adowcami seminari\u00f3w w zakresie <strong>historii<\/strong> byli m.in.: prof. A. Gieysztor, prof. H. Samsonowicz, prof. A. Ajnenkiel, prof. M. Drozdowski, prof. J. Skowronek, prof. Z. W\u00f3jcik, prof. Z. Zachorski, doc. T. Strzembosz, doc. J. \u0141ojek, doc. A. Sucheni-Grabowska, doc. A. Paczkowski, doc. T. Jasudowicz, doc. B. Grochulska, mec. W. Si\u0142a-Nowicki, w zakresie <strong>socjologii:<\/strong> prof. Z. Wierzbicki, prof. W. Bojarski, prof. S. Mika, doc. A. Tyszka, doc. J. Kurczewski, doc. J. Staniszkis, doc. J. Przygocki, adj. R. Toporkiewicz w zakresie <strong>ekonomii: <\/strong>mgr. M. Madejski, prof. M. Nieduszy\u0144ski a szeroko poj\u0119tej <strong>kultury chrze\u015bcija\u0144skiej <\/strong>m.in.<strong>: <\/strong>ks. J. Maj, prof. A. Zaj\u0105czkowski, prof. A. \u015awiderk\u00f3wna, doc. o. J. Salij, ks. bp. J. Wojtkowski, doc. F. Pasternak, prof. J. \u015alizi\u0144ski, prof. S. \u015awie\u017cawski, ks. prof. J. Tischner, ks. prof. J. Pasierb, ks. dr. J. Wysocki, red. M. Skwarnicki, ks. prof. Z. Kiliszek, mec. S. Kaczorowski.<\/span><\/p>\n<p><span style=\"color: #333333;\">Wyk\u0142ady odbywa\u0142y si\u0119 w ko\u015bcio\u0142ach i obiektach przyko\u015bcielnych. Uczestniczy\u0142o w nich w zale\u017cno\u015bci od mo\u017cliwo\u015bci lokalowych od 150 do 300 os\u00f3b. Po wyg\u0142oszonych referatach w gronie uczestnik\u00f3w trwa\u0142y burzliwe dyskusje. Najwi\u0119cej spotka\u0144 odby\u0142o si\u0119 w <strong>Warszawie<\/strong> w ko\u015bcio\u0142ach: <em>\u015aw. Anny<\/em>, <em>\u015aw. Aleksandra<\/em>, <em>\u015aw. Krzy\u017ca<\/em>, <em>\u015aw. Jakuba, Archikatedrze \u015aw. Jana<\/em> i kaplicy <em>Res Sacra Miser<\/em>. Poza Warszaw\u0105 seminaria odby\u0142y si\u0119 m.in. w: Bydgoszczy, \u0141odzi, Jeleniej G\u00f3rze, Siedlcach, Radomiu, \u0141owiczu, Legionowie i wsiach Le\u015bna oraz Stanik ko\u0142o Siedlec.<\/span><\/p>\n<p><span style=\"color: #333333;\">Przyk\u0142adowe zagadnienia poruszane w trakcie <strong>seminari\u00f3w historycznych <\/strong>to<strong>: <\/strong>Historia ruchu chrze\u015bcija\u0144skiego w Polsce, Pocz\u0105tki i dorobek \u015bredniowiecza w Europie, Miejsce Polski w Europie XX wieku, Wej\u015bcie Polski w kr\u0105g kultury zachodniej, Powstanie Styczniowe geneza i mechanizmy, Szansa konstytucji 3 maja, Narodziny II Rzeczypospolitej, Stosunki polityczne i spo\u0142eczne II Rzeczypospolitej, \u015aladami Jana III Sobieskiego oraz odsieczy wiede\u0144skiej, Eugeniusz Kwiatkowski &#8211; m\u0105\u017c stanu, Sytuacja Polski w dobie Ja\u0142ty i Teheranu, Witold Pilecki \u017co\u0142nierz Rzeczypospolitej, Refleksje o Powstaniu Warszawskim i Armii Krajowej, Geneza Powstania Listopadowego, Epoka saska i stanis\u0142awowska, Dzia\u0142alno\u015b\u0107 PSL w latach 1945-47, Porozumienie narodowe &#8211; mo\u017cliwo\u015b\u0107 czy konieczno\u015b\u0107, Polskie tradycje demokratyczne epoki Odrodzenia, Polacy wobec utraty niepodleg\u0142o\u015bci, tematy <strong>seminari\u00f3w socjologicznych <\/strong>to m.in.<strong>: <\/strong>O odwadze cywilnej, Od braku r\u00f3wnowagi spo\u0142ecznej do braku r\u00f3wnowagi ekologicznej, Przymus spo\u0142eczny, Problemy spo\u0142eczne, W\u0142asno\u015b\u0107, racjonalno\u015b\u0107, struktura spo\u0142eczna, Rozw\u00f3j techniki a etyka, Wolno\u015b\u0107 osoby ludzkiej, Praca organiczna nasz\u0105 solidarno\u015bci\u0105, Przyczyny dezintegracji rodziny, Psychospo\u0142eczne skutki kryzysu, Strukturalne uwarunkowania kryzysu polskiego i jego przezwyci\u0119\u017cenia <strong>seminari\u00f3w ekonomicznych: <\/strong>Za\u0142amanie gospodarki polskiej, Etyka w ekonomii, Rozw\u00f3j my\u015bli ekonomicznej, Trzecia droga wzrostu gospodarczego, Katolicka my\u015bl ekonomiczna, Mi\u0119dzynarodowe stosunki ekonomiczne, Charakterystyka kapitalizmu, socjalizmu i katolicyzmu spo\u0142ecznego, Paradygmat 3 drogi wzrostu gospodarczego i <strong>wyk\u0142ad\u00f3w kultury chrze\u015bcija\u0144skiej: <\/strong>Przeciwstawne tendencje w polskim \u017cyciu kulturalnym, refleksje nad polsk\u0105 kultur\u0105 \u015bredniowiecza, Zagadnienia religijne w tw\u00f3rczo\u015bci Czes\u0142awa Mi\u0142osza, Ko\u015bci\u00f3\u0142 katolicki w \u015bwiecie wsp\u00f3\u0142czesnym, W\u0105tki maryjne w poezji Norwida, Narodziny chrze\u015bcija\u0144stwa a \u015bwiat poga\u0144ski, Pocz\u0105tki kultu Matki Boskiej w Polsce w \u015bwietle najstarszych r\u0119kopis\u00f3w, Apolityczno\u015b\u0107 Ko\u015bcio\u0142a, Ku pojednaniu wyznaniowemu i narodowemu, Filozofia a kultura, Duchowie\u0144stwo w ruchu niepodleg\u0142o\u015bciowym &#8211; narodowym, Koncepcja cz\u0142owieka w\/g \u015aw. Tomasza, Rozpad i odbudowa kultury, Zycie religijne powsta\u0144czej Warszawy, 6 lat pontyfikatu Jana Paw\u0142a II, Metafizyka a marksizm.<\/span><\/p>\n<p><span style=\"color: #333333;\">Ponadto Archikonfraternia, posiadaj\u0105ca swoje domy w Bydgoszczy i Milan\u00f3wku, r\u00f3wnie\u017c w tych miejscowo\u015bciach organizowa\u0142a wyk\u0142ady i wydawa\u0142a <span style=\"font-size: 1rem;\">\u201eZeszyt\u201d z tamtymi tematami.<\/span><\/span><\/p>\n<p><span style=\"color: #333333;\">Du\u017ca cz\u0119\u015b\u0107 powy\u017cszych wyk\u0142ad\u00f3w i referat\u00f3w zosta\u0142a nast\u0119pnie wydana przez Archikonfraterni\u0119 Literack\u0105 pod auspicjami Wydzia\u0142u Duszpasterstwa Kurii Metropolitalnej Warszawskiej w 18 zeszytach pt. <strong>Zeszyty Studium Spo\u0142ecznej Nauki Ko\u015bcio\u0142a<\/strong> oraz 6 tematycznych zeszytach specjalnych.<\/span><\/p>\n<hr \/>\n<p><span style=\"color: #333333;\">Ponadto Archikonfraterni Literackiej wydawa\u0142a okoliczno\u015bciowe plakaty zwi\u0105zane czy z przyjazdem papie\u017ca Jan Paw\u0142a II czy zwi\u0105zane z rocznicami wa\u017cnych wydarze\u0144 narodowych Polski autorstwa Micha\u0142a Wi\u0119ckowskiego znanego artysty. By\u0142 on r\u00f3wnie\u017c autorem ok\u0142adki Zeszyt\u00f3w Studium Spo\u0142ecznej Nauki Ko\u015bcio\u0142a.<\/span><\/p>\n<p><span style=\"color: #333333;\"><a style=\"color: #333333;\" href=\"http:\/\/mieczyslaw.nieduszynski.pl\/wp-content\/uploads\/2020\/08\/Czekamy-1.jpg\"><img loading=\"lazy\" decoding=\"async\" class=\"alignnone wp-image-1231 size-full\" src=\"http:\/\/mieczyslaw.nieduszynski.pl\/wp-content\/uploads\/2020\/08\/Czekamy-1.jpg\" alt=\"\" width=\"1500\" height=\"1052\" srcset=\"http:\/\/mieczyslaw.nieduszynski.pl\/wp-content\/uploads\/2020\/08\/Czekamy-1.jpg 1500w, http:\/\/mieczyslaw.nieduszynski.pl\/wp-content\/uploads\/2020\/08\/Czekamy-1-300x210.jpg 300w, http:\/\/mieczyslaw.nieduszynski.pl\/wp-content\/uploads\/2020\/08\/Czekamy-1-1024x718.jpg 1024w, http:\/\/mieczyslaw.nieduszynski.pl\/wp-content\/uploads\/2020\/08\/Czekamy-1-768x539.jpg 768w\" sizes=\"(max-width: 706px) 89vw, (max-width: 767px) 82vw, 740px\" \/><\/a><\/span><\/p>\n<p><span style=\"color: #333333;\"><strong>Plakat wydany na przyjazd papie\u017ca Jana Paw\u0142a II przez Archikonfraternie Literack\u0105 &#8211; projekt Micha\u0142 Wi\u0119ckowski 1983<\/strong><\/span><\/p>\n<hr \/>\n<p><span style=\"color: #333333;\"><strong>Publikacje wydane w ramach dzia\u0142alno\u015bci Archikonfraterni Literackiej<\/strong><\/span><\/p>\n<p><span style=\"text-decoration: underline;\"><span style=\"color: #333333; text-decoration: underline;\"><a style=\"color: #333333; text-decoration: underline;\" href=\"wp-content\/uploads\/2018\/06\/ZSNK-1.pdf\">Zeszyty Studium Spo\u0142ecznej Nauki Ko\u015bcio\u0142a Nr 1 &#8211; pdf<\/a><\/span><\/span><\/p>\n<p><span style=\"text-decoration: underline;\"><span style=\"color: #333333; text-decoration: underline;\"><a style=\"color: #333333; text-decoration: underline;\" href=\"wp-content\/uploads\/2018\/06\/ZSNK-4.pdf\">Zeszyty Studium Spo\u0142ecznej Nauki Ko\u015bcio\u0142a Nr 4 &#8211; pdf<\/a><\/span><\/span><\/p>\n<p><span style=\"text-decoration: underline;\"><span style=\"color: #333333; text-decoration: underline;\"><a style=\"color: #333333; text-decoration: underline;\" href=\"wp-content\/uploads\/2018\/06\/ZSNK-5.pdf\">Zeszyty Studium Spo\u0142ecznej Nauki Ko\u015bcio\u0142a Nr 5 -pdf<\/a><\/span><\/span><\/p>\n<p><span style=\"text-decoration: underline;\"><span style=\"color: #333333; text-decoration: underline;\"><a style=\"color: #333333; text-decoration: underline;\" href=\"wp-content\/uploads\/2018\/06\/ZSNK-7.pdf\">Zeszyty Studium Spo\u0142ecznej Nauki Ko\u015bcio\u0142a Nr 7 &#8211; pdf<\/a><\/span><\/span><\/p>\n<p><span style=\"text-decoration: underline;\"><span style=\"color: #333333; text-decoration: underline;\"><a style=\"color: #333333; text-decoration: underline;\" href=\"wp-content\/uploads\/2018\/06\/ZSNK-12.compressed.pdf\">Zeszyty Studium Spo\u0142ecznej Nauki Koscio\u0142a Nr 12 &#8211; pdf<\/a><\/span><\/span><\/p>\n<p><span style=\"text-decoration: underline;\"><span style=\"color: #333333; text-decoration: underline;\"><a style=\"color: #333333; text-decoration: underline;\" href=\"wp-content\/uploads\/2018\/06\/ZSNK-15.compressed.pdf\">Zeszyty Studium Spo\u0142ecznej Nauki Ko\u015bcio\u0142a Nr 15 &#8211; pdf<\/a><\/span><\/span><\/p>\n<p><span style=\"text-decoration: underline;\"><span style=\"color: #333333; text-decoration: underline;\"><a style=\"color: #333333; text-decoration: underline;\" href=\"wp-content\/uploads\/2018\/06\/Powstanie-Warszawskie.pdf\">Powstanie Warszawskie Zeszyt Specjalny &#8211; pdf<\/a><\/span><\/span><\/p>\n<p><span style=\"text-decoration: underline;\"><span style=\"color: #333333; text-decoration: underline;\"><a style=\"color: #333333; text-decoration: underline;\" href=\"wp-content\/uploads\/2018\/06\/J\u00f3zef-Pi\u0142sudzki.pdf\">J\u00f3zef Pi\u0142sudski Zeszyt Specjalny &#8211; pdf<\/a><\/span><\/span><\/p>\n<p><span style=\"text-decoration: underline;\"><span style=\"color: #333333; text-decoration: underline;\"><a style=\"color: #333333; text-decoration: underline;\" href=\"wp-content\/uploads\/2018\/06\/Odzyskanie-Niepodleg\u0142o\u015b\u0107i-przez-Polsk\u0119.pdf\">Odzyskanie Niepodleg\u0142o\u015bci przez Polsk\u0119 Zeszyt Specjalny &#8211; pdf<\/a><\/span><\/span><\/p>\n<hr \/>\n<h3><span style=\"color: #333333;\"><strong>Wystawa &#8222;Nie ma sprawiedliwej Europy bez niepodleg\u0142ej Polski&#8221; z okazji 70 -tej rocznicy Odzyskania <\/strong><b>Niepodleg\u0142o\u015bci<\/b><\/span><\/h3>\n<p>\u00a0<\/p>\n<p><span style=\"color: #333333;\">W 1988 r. w podziemiach Bazyliki \u015awi\u0119tego Krzy\u017ca zosta\u0142a zorganizowana wystawa rocznicowa &#8222;70 lat Odzyskania Niepodleg\u0142o\u015bci&#8221;. Wystawa powsta\u0142a pod auspicjami Archikonfraterni Literackiej za zgod\u0105 \u00f3wczesnego proboszcza z inicjatywy Witolda Nieduszy\u0144skiego cz\u0142onka zarz\u0105du Archikonfraterni Literackie, kt\u00f3ry p\u00f3\u017aniej by\u0142 jej kustoszem. Wystawa cieszy\u0142a si\u0119 takim powodzeniem, \u017ce organizatorzy postanowili przed\u0142u\u017cy\u0107 czas trwania o dodatkowe dwa tygodnie. Wystaw\u0119 obejrza\u0142o oko\u0142o 350 tysi\u0119cy ludzi cz\u0119sto przyje\u017cd\u017caj\u0105cych z r\u00f3\u017cnych cz\u0119\u015bci Polski.<\/span><\/p>\n<p><span style=\"color: #333333;\"><a style=\"color: #333333;\" href=\"http:\/\/mieczyslaw.nieduszynski.pl\/wp-content\/uploads\/2020\/08\/Wystawa-70-lat002.jpg\"><img loading=\"lazy\" decoding=\"async\" class=\"aligncenter wp-image-1243 size-large\" src=\"http:\/\/mieczyslaw.nieduszynski.pl\/wp-content\/uploads\/2020\/08\/Wystawa-70-lat002-1024x672.jpg\" alt=\"\" width=\"525\" height=\"345\" \/><\/a><\/span><\/p>\n<p><span style=\"color: #333333;\"><strong>Zesp\u00f3\u0142 realizator\u00f3w (niepe\u0142ny) wystawy 70-lecia Odzyskania Niepodleg\u0142o\u015bci<\/strong><\/span><\/p>\n<p><span style=\"color: #333333;\"><a style=\"color: #333333;\" href=\"http:\/\/mieczyslaw.nieduszynski.pl\/wp-content\/uploads\/2020\/08\/Wystawa-70-lat001.jpg\"><img loading=\"lazy\" decoding=\"async\" class=\"wp-image-1245 size-large aligncenter\" src=\"http:\/\/mieczyslaw.nieduszynski.pl\/wp-content\/uploads\/2020\/08\/Wystawa-70-lat001-792x1024.jpg\" alt=\"\" width=\"525\" height=\"679\" \/><\/a><\/span><\/p>\n<p><span style=\"color: #333333;\"><strong>Osobna Krypta po\u015bwi\u0119cona Marsza\u0142kowi J\u00f3zefowi Pi\u0142sudskiemu<\/strong><\/span><\/p>\n<p><span style=\"color: #333333;\"><a style=\"color: #333333;\" href=\"http:\/\/mieczyslaw.nieduszynski.pl\/wp-content\/uploads\/2020\/08\/Archikonfraternia-do-Prymasa-Glempa-1988.jpg\"><img loading=\"lazy\" decoding=\"async\" class=\"wp-image-1329 size-large aligncenter\" src=\"http:\/\/mieczyslaw.nieduszynski.pl\/wp-content\/uploads\/2020\/08\/Archikonfraternia-do-Prymasa-Glempa-1988-724x1024.jpg\" alt=\"\" width=\"525\" height=\"743\" srcset=\"http:\/\/mieczyslaw.nieduszynski.pl\/wp-content\/uploads\/2020\/08\/Archikonfraternia-do-Prymasa-Glempa-1988-724x1024.jpg 724w, http:\/\/mieczyslaw.nieduszynski.pl\/wp-content\/uploads\/2020\/08\/Archikonfraternia-do-Prymasa-Glempa-1988-212x300.jpg 212w, http:\/\/mieczyslaw.nieduszynski.pl\/wp-content\/uploads\/2020\/08\/Archikonfraternia-do-Prymasa-Glempa-1988-768x1086.jpg 768w, http:\/\/mieczyslaw.nieduszynski.pl\/wp-content\/uploads\/2020\/08\/Archikonfraternia-do-Prymasa-Glempa-1988-1086x1536.jpg 1086w, http:\/\/mieczyslaw.nieduszynski.pl\/wp-content\/uploads\/2020\/08\/Archikonfraternia-do-Prymasa-Glempa-1988-1448x2048.jpg 1448w, http:\/\/mieczyslaw.nieduszynski.pl\/wp-content\/uploads\/2020\/08\/Archikonfraternia-do-Prymasa-Glempa-1988.jpg 1653w\" sizes=\"(max-width: 525px) 100vw, 525px\" \/><\/a><\/span><\/p>\n<p><span style=\"color: #333333;\"><strong>Pismo z zaproszeniem Eminencji ksi\u0119dza kardyna\u0142a J\u00f3zefa Glempa<\/strong><\/span><\/p>\n<hr \/>\n<h2><span style=\"color: #333333;\"><strong>Trzeci obszar dzia\u0142ania Archikonfraterni Literackiej<\/strong><\/span><\/h2>\n<h3><span style=\"color: #333333;\"><strong>Punkt pomocy dla represjonowanych przez w\u0142adze PRL<\/strong><\/span><\/h3>\n<p><span style=\"color: #333333;\">Na Kanonii 6, przy bazylice archikatedralnej \u015aw. Jana Chrzciciela w Warszawie, w podziemiach staromiejskiej kamienicy, powstaje punkt pomocy dla os\u00f3b represjonowanych w tym by\u0142ych pracownik\u00f3w Regionu Mazowsze NSZZ Solidarno\u015b\u0107 natychmiast po 13 grudnia 1981 r. Punk pomocy dzia\u0142a a\u017c do 1989 r. Kanonia 6 gdzie od 1507 r. mie\u015bci si\u0119 Archikonfraternia Literacka zak\u0142ada punkt pomocy specjalnie dedykowany dla by\u0142ych pracownik\u00f3w Regionu Mazowsze. Dzia\u0142a ten punkt w \u015bcis\u0142ej wsp\u00f3\u0142pracy z punktu pomocy przy ko\u015bciele \u015aw. Marcina. Tu kierowani s\u0105 dzia\u0142acze i pracownicy z Regionu, Ursusa, TVP oraz z zawieszonych organizacji i instytut\u00f3w.<\/span><\/p>\n<p><span style=\"color: #333333;\"><a style=\"color: #333333;\" href=\"http:\/\/mieczyslaw.nieduszynski.pl\/wp-content\/uploads\/2020\/08\/Wej\u015bcie-Kanonia-6.jpg\"><img loading=\"lazy\" decoding=\"async\" class=\"wp-image-1236 size-full aligncenter\" src=\"http:\/\/mieczyslaw.nieduszynski.pl\/wp-content\/uploads\/2020\/08\/Wej\u015bcie-Kanonia-6.jpg\" alt=\"\" width=\"700\" height=\"393\" srcset=\"http:\/\/mieczyslaw.nieduszynski.pl\/wp-content\/uploads\/2020\/08\/Wej\u015bcie-Kanonia-6.jpg 700w, http:\/\/mieczyslaw.nieduszynski.pl\/wp-content\/uploads\/2020\/08\/Wej\u015bcie-Kanonia-6-300x168.jpg 300w\" sizes=\"(max-width: 700px) 100vw, 700px\" \/><\/a><\/span><\/p>\n<p><span style=\"color: #333333;\"><strong>Wej\u015bcie do punktu pomocy mieszcz\u0105cego si\u0119 w suterynie kamienicy &#8211; fot. Piotr \u017bycie\u0144ski<\/strong><\/span><\/p>\n<p><span style=\"color: #333333;\">Punkt powstaje z inicjatywy cz\u0142onka zarz\u0105du AKL Witolda Nieduszy\u0144skiego, kt\u00f3ry potem obejmuje funkcj\u0119 cz\u0142onka Prymasowskiego Komitetu Pomocy Osobom Pozbawionym Wolno\u015bci i Represjonowanym. Po uzyskaniu indywidualnej zgody Zarz\u0105du, bo nie m\u00f3g\u0142 si\u0119 zebra\u0107 jawnie, Witold Nieduszy\u0144ski organizuje a nast\u0119pnie kieruje \u201ePunktem Pomocy\u201d. Przewodnicz\u0105cy AKL senior, prof. Mieczys\u0142awa Nieduszy\u0144skiego, kt\u00f3ry si\u0119 w tym czasie ukrywa\u0142 r\u00f3wnie\u017c wyra\u017ca akceptacje. Do pomocy zaproszeni s\u0105 kombatanci AK, powsta\u0144cy warszawscy (g\u0142\u00f3wnie paniami z batalionu \u201eKili\u0144ski\u201d i \u201eZgrupowanie Chrobry II\u201d). Akowski nawyk podporz\u0105dkowania si\u0119 decyzjom, konspiracyjna dyskrecja i dobrze zorganizowana praca sprawi\u0142y, \u017ce Kanonia pr\u0119dko sta\u0142a si\u0119 pewnym i sprawdzonym adresem.<\/span><\/p>\n<p><span style=\"color: #333333;\"><a style=\"color: #333333;\" href=\"http:\/\/mieczyslaw.nieduszynski.pl\/wp-content\/uploads\/2018\/06\/Punkt-pomocy.jpg\"><img loading=\"lazy\" decoding=\"async\" class=\"wp-image-577 size-large aligncenter\" src=\"http:\/\/mieczyslaw.nieduszynski.pl\/wp-content\/uploads\/2018\/06\/Punkt-pomocy-1024x686.jpg\" alt=\"\" width=\"525\" height=\"352\" srcset=\"http:\/\/mieczyslaw.nieduszynski.pl\/wp-content\/uploads\/2018\/06\/Punkt-pomocy-1024x686.jpg 1024w, http:\/\/mieczyslaw.nieduszynski.pl\/wp-content\/uploads\/2018\/06\/Punkt-pomocy-300x201.jpg 300w, http:\/\/mieczyslaw.nieduszynski.pl\/wp-content\/uploads\/2018\/06\/Punkt-pomocy-768x515.jpg 768w\" sizes=\"(max-width: 525px) 100vw, 525px\" \/><\/a><\/span><\/p>\n<p><span style=\"color: #333333;\"><strong>Cz\u0119\u015b\u0107 zespo\u0142u zaanga\u017cowanego w prac\u0119 w Punkcie Pomocy<\/strong><\/span><\/p>\n<p><span style=\"color: #333333;\"><a style=\"color: #333333;\" href=\"http:\/\/mieczyslaw.nieduszynski.pl\/wp-content\/uploads\/2018\/06\/Z-Melakiem-2-m.jpg\"><img loading=\"lazy\" decoding=\"async\" class=\"wp-image-579 size-large aligncenter\" src=\"http:\/\/mieczyslaw.nieduszynski.pl\/wp-content\/uploads\/2018\/06\/Z-Melakiem-2-m-1024x663.jpg\" alt=\"\" width=\"525\" height=\"340\" srcset=\"http:\/\/mieczyslaw.nieduszynski.pl\/wp-content\/uploads\/2018\/06\/Z-Melakiem-2-m-1024x663.jpg 1024w, http:\/\/mieczyslaw.nieduszynski.pl\/wp-content\/uploads\/2018\/06\/Z-Melakiem-2-m-300x194.jpg 300w, http:\/\/mieczyslaw.nieduszynski.pl\/wp-content\/uploads\/2018\/06\/Z-Melakiem-2-m-768x497.jpg 768w\" sizes=\"(max-width: 525px) 100vw, 525px\" \/><\/a><\/span><\/p>\n<p><span style=\"color: #333333;\"><strong>Rozmowa ze Stefanem Melakiem p\u00f3\u017aniejsz\u0105 ofiar\u0105 tragedii smole\u0144skie<\/strong><\/span><\/p>\n<p><span style=\"color: #333333;\">By\u0142a miejscem spotka\u0144, wymiany informacji, korespondencji i adres\u00f3w. Wiadomo\u015bci o pozbawionych pracy, trafia\u0142y za granic\u0119. Przychodzi\u0142y transporty pomocy i trzeba by\u0142o szybko zorganizowa\u0107 jaki\u015b magazyn. Z pomoc\u0105 przyszed\u0142 proboszcz Katedry ksi\u0105dz pra\u0142at Jerzy Zaleski udost\u0119pniaj\u0105c najpierw podziemia dawnej kot\u0142owni katedralnej, mieszcz\u0105ce si\u0119 pod pasa\u017cem mi\u0119dzy ko\u015bcio\u0142em a komend\u0105 milicji dla Starego Miasta gdzie zamordowano Grzegorza Przemyka, a gdy tego zabrak\u0142o krypt\u0119 pod kaplic\u0105 Archikonfraterni gdzie by\u0142o kilka ton w\u0119gla. Oba magazyny spo\u0142ecznie zosta\u0142y oczyszczone i przygotowane do nowych zada\u0144. Zosta\u0142y zbite rega\u0142y z desek do przechowywania pomocy W sumie Punkt Pomocy na Kanonii 6 dysponowa\u0142 magazynami zdolnymi jednorazowo przyj\u0105\u0107 dwa du\u017ce kontenery przysy\u0142anej z zagranicy pomocy. By\u0142o to nie lada osi\u0105gni\u0119cie logistyczne. W kr\u00f3tkim czasie trzeba by\u0142o zorganizowa\u0107 dwie ekipy, kt\u00f3re sortowa\u0142y i przygotowywa\u0142y dary w obu magazynach kt\u00f3re nast\u0119pnie by\u0142y wydawane w Puncie Pomocy. Wielk\u0105 pomoc\u0105 w tym przedsi\u0119wzi\u0119ciu okazali si\u0119 by\u0107 studenci, kt\u00f3rzy z wielkim zaanga\u017cowaniem wspomogli sta\u0142\u0105 obsad\u0119 Puntu Pomocy.<\/span><\/p>\n<p><span style=\"color: #333333;\"><a style=\"color: #333333;\" href=\"http:\/\/mieczyslaw.nieduszynski.pl\/wp-content\/uploads\/2020\/08\/Kanonia-6.jpg\"><img loading=\"lazy\" decoding=\"async\" class=\"wp-image-1237 size-full aligncenter\" src=\"http:\/\/mieczyslaw.nieduszynski.pl\/wp-content\/uploads\/2020\/08\/Kanonia-6.jpg\" alt=\"\" width=\"700\" height=\"476\" srcset=\"http:\/\/mieczyslaw.nieduszynski.pl\/wp-content\/uploads\/2020\/08\/Kanonia-6.jpg 700w, http:\/\/mieczyslaw.nieduszynski.pl\/wp-content\/uploads\/2020\/08\/Kanonia-6-300x204.jpg 300w\" sizes=\"(max-width: 700px) 100vw, 700px\" \/><\/a><\/span><\/p>\n<p><span style=\"color: #333333;\"><strong>Naprzeciw wej\u015bcia na Kanoni\u0119 6, miejscu gdzie stoi samoch\u00f3d by\u0142o wej\u015bcie do drugiego magazynu pod Katedr\u0105. \u2013 fot Piotr \u017bycie\u0144ski<\/strong><\/span><\/p>\n<p><span style=\"color: #333333;\">Szybko okaza\u0142o si\u0119, \u017ce panie b\u0119d\u0105ce na dy\u017curach w punkcie, dobrze wiedzia\u0142y, co i komu jest potrzebne, co mo\u017ce sprawi\u0107 rado\u015b\u0107. Udziela\u0142y wsparcia materialnego, pomaga\u0142y rodzicom w organizowaniu wyjazd\u00f3w wakacyjnych dzieci, zdobywa\u0142y leki i realizowa\u0142y recepty. Po\u015bredniczy\u0142y w przekazywaniu pomocy osobom ukrywaj\u0105cym si\u0119 i ich rodzinom. Kanonia pe\u0142ni\u0142a rol\u0119 biura po\u015brednictwa pracy \u2013 trudnej do zdobycia, bo wi\u0119kszo\u015b\u0107 ludzi mia\u0142a \u201etrefne\u201d papiery z Regionu i takie\u017c stemple z Urz\u0119du Pracy na Karowej. Tam te\u017c mo\u017cna by\u0142o otrzyma\u0107 pomoc prawn\u0105, z kt\u00f3rej korzysta\u0142y g\u0142\u00f3wnie osoby eksmitowane z mieszka\u0144 i walcz\u0105ce o swoje prawa w S\u0105dzie Pracy. Og\u00f3\u0142em w Punkcie Pomocy by\u0142o zarejestrowane ok. 4,5 tys. rodzin. Po pewnym czasie jedni wyjechali za granic\u0119, inni \u2013 dzi\u0119kowali za pomoc. W ustronnym k\u0105ciku, mi\u0119dzy p\u00f3\u0142kami z odzie\u017c\u0105 i \u017cywno\u015bci\u0105, zawsze by\u0142 obecny prof. Nieduszy\u0144ski. Bywali u niego m.in. Leszek Moczulski, Wojciech Ziembi\u0144ski, Stefan Melak, Tadeusz Sta\u0144ski i inni dzia\u0142acze podziemia.<\/span><\/p>\n<hr \/>\n<h2><span style=\"color: #333333;\"><strong>Pielgrzymka do papie\u017ca Jana Paw\u0142a II<\/strong><\/span><\/h2>\n<p><span style=\"color: #333333;\">W sierpniu 1986 roku w ramach dzia\u0142alno\u015bci Archikonfraterni Literackiej prof. Mieczys\u0142aw Nieduszy\u0144ski jako senior poprowadzi\u0142 trzytygodniow\u0105 pielgrzymk\u0119 autokarow\u0105 do Rzymu do polskiego papie\u017ca Jana Paw\u0142a II. Pielgrzymka by\u0142a po\u0142\u0105czona ze zwiedzaniem r\u00f3\u017cnych atrakcyjnych religijnie i historycznie miejsc po trasie i we W\u0142oszech. Odwiedzono m.in. Wiede\u0144, Salzburg, Wenecj\u0119, Florencj\u0119, Asy\u017c, Loreto, Monte Casino, Sienne, Rawenn\u0119, oczywi\u015bcie Rzym i Watykan. Punktem kulminacyjnym by\u0142a audiencja u Jana Paw\u0142a II w letniej rezydencji papie\u017cy w Castel Gandolfo. W trakcie tej audiencji Profesor wr\u0119czy\u0142 osobi\u015bcie Papie\u017cowi egzemplarz swojej pracy pt. <em>Kapitalizm, socjalizm i trzecia droga<\/em>, zeszyt specjalny Studium Spo\u0142ecznej Nauki Ko\u015bcio\u0142a, wyd. Archikonfraterni Literackiej, 1986 r.<\/span><\/p>\n<p><span style=\"color: #333333;\"><a style=\"color: #333333;\" href=\"http:\/\/mieczyslaw.nieduszynski.pl\/wp-content\/uploads\/2018\/06\/U-Papierza-05-1986.jpg\"><img loading=\"lazy\" decoding=\"async\" class=\"wp-image-1018 size-large aligncenter\" src=\"http:\/\/mieczyslaw.nieduszynski.pl\/wp-content\/uploads\/2018\/06\/U-Papierza-05-1986-1024x837.jpg\" alt=\"\" width=\"525\" height=\"429\" srcset=\"http:\/\/mieczyslaw.nieduszynski.pl\/wp-content\/uploads\/2018\/06\/U-Papierza-05-1986-1024x837.jpg 1024w, http:\/\/mieczyslaw.nieduszynski.pl\/wp-content\/uploads\/2018\/06\/U-Papierza-05-1986-300x245.jpg 300w, http:\/\/mieczyslaw.nieduszynski.pl\/wp-content\/uploads\/2018\/06\/U-Papierza-05-1986-768x627.jpg 768w\" sizes=\"(max-width: 525px) 100vw, 525px\" \/><\/a><\/span><\/p>\n<p><span style=\"color: #333333;\"><strong>Pielgrzymka do Watykanu wrzesie\u0144 1986 r.<\/strong><\/span><\/p>\n<p><span style=\"color: #333333;\"><a style=\"color: #333333;\" href=\"http:\/\/mieczyslaw.nieduszynski.pl\/wp-content\/uploads\/2018\/06\/Pielgrzymka-14-sier-1987.jpg\"><img loading=\"lazy\" decoding=\"async\" class=\"wp-image-563 size-large aligncenter\" src=\"http:\/\/mieczyslaw.nieduszynski.pl\/wp-content\/uploads\/2018\/06\/Pielgrzymka-14-sier-1987-1024x723.jpg\" alt=\"\" width=\"525\" height=\"371\" srcset=\"http:\/\/mieczyslaw.nieduszynski.pl\/wp-content\/uploads\/2018\/06\/Pielgrzymka-14-sier-1987-1024x723.jpg 1024w, http:\/\/mieczyslaw.nieduszynski.pl\/wp-content\/uploads\/2018\/06\/Pielgrzymka-14-sier-1987-300x212.jpg 300w, http:\/\/mieczyslaw.nieduszynski.pl\/wp-content\/uploads\/2018\/06\/Pielgrzymka-14-sier-1987-768x542.jpg 768w\" sizes=\"(max-width: 525px) 100vw, 525px\" \/><\/a><\/span><\/p>\n<p><span style=\"color: #333333;\"><strong>Wr\u0119czenie Ksi\u0105\u017cki &#8222;Kapitalizm Socjalizm i Trzecia Droga&#8221; &#8211; Audiencja u Jana Paw\u0142a II<\/strong><\/span><\/p>\n\t\t\t\t\t\t\t\t<\/div>\n\t\t\t\t<\/div>\n\t\t\t\t\t<\/div>\n\t\t<\/div>\n\t\t\t\t\t<\/div>\n\t\t<\/section>\n\t\t\t\t<\/div>\n\t\t","protected":false},"excerpt":{"rendered":"","protected":false},"author":2,"featured_media":0,"parent":0,"menu_order":0,"comment_status":"closed","ping_status":"closed","template":"","meta":{"_crdt_document":"","footnotes":""},"class_list":["post-752","page","type-page","status-publish","hentry"],"_links":{"self":[{"href":"http:\/\/mieczyslaw.nieduszynski.pl\/index.php?rest_route=\/wp\/v2\/pages\/752","targetHints":{"allow":["GET"]}}],"collection":[{"href":"http:\/\/mieczyslaw.nieduszynski.pl\/index.php?rest_route=\/wp\/v2\/pages"}],"about":[{"href":"http:\/\/mieczyslaw.nieduszynski.pl\/index.php?rest_route=\/wp\/v2\/types\/page"}],"author":[{"embeddable":true,"href":"http:\/\/mieczyslaw.nieduszynski.pl\/index.php?rest_route=\/wp\/v2\/users\/2"}],"replies":[{"embeddable":true,"href":"http:\/\/mieczyslaw.nieduszynski.pl\/index.php?rest_route=%2Fwp%2Fv2%2Fcomments&post=752"}],"version-history":[{"count":68,"href":"http:\/\/mieczyslaw.nieduszynski.pl\/index.php?rest_route=\/wp\/v2\/pages\/752\/revisions"}],"predecessor-version":[{"id":1357,"href":"http:\/\/mieczyslaw.nieduszynski.pl\/index.php?rest_route=\/wp\/v2\/pages\/752\/revisions\/1357"}],"wp:attachment":[{"href":"http:\/\/mieczyslaw.nieduszynski.pl\/index.php?rest_route=%2Fwp%2Fv2%2Fmedia&parent=752"}],"curies":[{"name":"wp","href":"https:\/\/api.w.org\/{rel}","templated":true}]}}